{"id":13,"date":"2019-09-02T13:32:16","date_gmt":"2019-09-02T11:32:16","guid":{"rendered":"http:\/\/demo.architekten-jwr.de\/?page_id=13"},"modified":"2023-01-14T13:57:13","modified_gmt":"2023-01-14T12:57:13","slug":"buero","status":"publish","type":"page","link":"https:\/\/www.architekten-jwr.de\/?page_id=13","title":{"rendered":"B\u00fcro"},"content":{"rendered":"\n<p>Ein Projekt kann noch so&nbsp;vorausschauend&nbsp;geplant sein, die Realit\u00e4t birgt immer Hindernisse und unvorhersehbare Ereignisse. Wichtig ist es uns, dem Auftraggeber dennoch ein H\u00f6chstma\u00df an Ergebnis-, sowie Termin- und Kostensicherheit zu bieten. Dieser Herausforderung begegnen wir mit fundiertem Fachwissen, viel Erfahrung und Engagement. Wir sind ein interdisziplin\u00e4r besetztes Team und verf\u00fcgen \u00fcber ausgefeilte Planungswerkzeuge, die st\u00e4ndig weiterentwickelt und optimiert werden.<br><\/p>\n\n\n\n<div class=\"wp-block-group\"><div class=\"wp-block-group__inner-container is-layout-flow wp-block-group-is-layout-flow\">\n<div class=\"wp-block-group\"><div class=\"wp-block-group__inner-container is-layout-flow wp-block-group-is-layout-flow\">\n<p class=\"has-text-align-left\"><br><strong>1953<\/strong><br>Klaus Jarzina und Klaus Winkelmann spielten nicht nur zusammen Fu\u00dfball, sonder planten schon gemeinsam im Sandkasten H\u00e4user und St\u00e4dte.<\/p>\n\n\n\n<p class=\"has-text-align-left\"><br><strong>1978 <\/strong><br>konnten sie sich endlich selbstst\u00e4ndig machen und gr\u00fcndeten ein B\u00fcro f\u00fcr Architektur und Stadtplanung mit Sitz in Castrop-Rauxel, Am Markt 6.<br>Durch erste Wettbewerbserfolge im Wohnungs- und Siedlungsbau etablierte sich das B\u00fcro&nbsp; in seiner Umgebung sehr z\u00fcgig.<\/p>\n\n\n\n<p class=\"has-text-align-left\"><br><strong>1988<\/strong><br>hielt das digitale Zeitalter Einzug in das B\u00fcro. Mit den ersten CAD- und AVA-Arbeitspl\u00e4tzen in Castrop-Rauxel boomt die Auftragslage.<br>LWL (Museum Schiffshebewerk Henrichenburg), Viterra und LEG<br>(Siedlungsmodernisierung im Ruhrgebiet) gaben dem B\u00fcro einen regionalen Bekanntheitsgrad.<\/p>\n\n\n\n<p class=\"has-text-align-left\">&nbsp;<br><strong>1991<\/strong><br>zog das B\u00fcro in die erworbene und selbst sanierte \u201eB\u00fcrgermeistervilla\u201c Viktoriastra\u00dfe 6. Erst abbruchreif, dann denkmalgesch\u00fctzt begeistert sie z.B. mit dem attraktivsten Treppenraum der Stadt jeden Besucher.&nbsp;&nbsp;   <\/p>\n\n\n\n<p><br><strong>2003<\/strong>&nbsp;&nbsp;&nbsp;&nbsp;&nbsp; <br>konnte das 25-j\u00e4hrige Firmenjubil\u00e4um (eigentlich 50 Jahre J + W) wegen Arbeits\u00fcberlastung nicht gefeiert werden.<\/p>\n\n\n\n<p><br><strong>2004 &#8211; 2008 <\/strong><br>B\u00fcrogemeinschaft mit den Architekten Gunnar Ufermann + Jens Ufermann<\/p>\n\n\n\n<p><br><strong>seit 2011 <\/strong><br>B\u00fcrogemeinschaft mit Architekt Thomas Ruttkowski<\/p>\n\n\n\n<p><br><strong>2013 <\/strong>&nbsp;&nbsp;&nbsp;&nbsp; <br>in diesem Jahr feiert das B\u00fcro ein Doppeljubil\u00e4um:<br>35 Jahre Architekten Jarzina + Winkelmann<br>100 Jahre \u201eB\u00fcrgermeistervilla\u201c, in der das B\u00fcro seit 1991 seinen Sitz hat<\/p>\n\n\n\n<p class=\"has-text-align-left\"><br><strong>2018<\/strong>&nbsp;&nbsp;&nbsp;&nbsp;&nbsp;  <br>Feier des 40-j\u00e4hrigen Jubil\u00e4ums mit allen ehemaligen Mitarbeitern und Weggef\u00e4hrten<br><\/p>\n<\/div><\/div>\n<\/div><\/div>\n\n\n\n<p>&nbsp;&nbsp;&nbsp;&nbsp;&nbsp;&nbsp;&nbsp;&nbsp;&nbsp;&nbsp;&nbsp;&nbsp;&nbsp;&nbsp;&nbsp;&nbsp;&nbsp;&nbsp;&nbsp;&nbsp;&nbsp;&nbsp;&nbsp;&nbsp;&nbsp;&nbsp;&nbsp;&nbsp;&nbsp;&nbsp;&nbsp;&nbsp;&nbsp;&nbsp;&nbsp;&nbsp;&nbsp;&nbsp;&nbsp;&nbsp;&nbsp;&nbsp;&nbsp;&nbsp;&nbsp;&nbsp;&nbsp;&nbsp;&nbsp;&nbsp;&nbsp;&nbsp;&nbsp;&nbsp;&nbsp;&nbsp;&nbsp;&nbsp;&nbsp;&nbsp;&nbsp;&nbsp;&nbsp;&nbsp;&nbsp;&nbsp;&nbsp;&nbsp;&nbsp;&nbsp;&nbsp;&nbsp;&nbsp;&nbsp;&nbsp;&nbsp;&nbsp;&nbsp;&nbsp;&nbsp;&nbsp;&nbsp;&nbsp;&nbsp;&nbsp;&nbsp;&nbsp;&nbsp;&nbsp;&nbsp;&nbsp;&nbsp;&nbsp;&nbsp;&nbsp;&nbsp;&nbsp;&nbsp;&nbsp;&nbsp;&nbsp;&nbsp;&nbsp;&nbsp;&nbsp;&nbsp;&nbsp;&nbsp;&nbsp;&nbsp;&nbsp;&nbsp;&nbsp;&nbsp;&nbsp;&nbsp;&nbsp;&nbsp;&nbsp;&nbsp;&nbsp;&nbsp;&nbsp;&nbsp;&nbsp;&nbsp;&nbsp;&nbsp;&nbsp;&nbsp;&nbsp;&nbsp;&nbsp;&nbsp;&nbsp;&nbsp;&nbsp;&nbsp;&nbsp; &nbsp;&nbsp;&nbsp;&nbsp;&nbsp;&nbsp;&nbsp;&nbsp;&nbsp;&nbsp;&nbsp;&nbsp;&nbsp;&nbsp;&nbsp;&nbsp;&nbsp;&nbsp;&nbsp;&nbsp;&nbsp;&nbsp;&nbsp;&nbsp;&nbsp;&nbsp;&nbsp;&nbsp;&nbsp;&nbsp;&nbsp;&nbsp;&nbsp;&nbsp;&nbsp;&nbsp;&nbsp;&nbsp;&nbsp;&nbsp;&nbsp;&nbsp;&nbsp;&nbsp;&nbsp;&nbsp;&nbsp;&nbsp;&nbsp;&nbsp;&nbsp;&nbsp;&nbsp;&nbsp;&nbsp;&nbsp;&nbsp;&nbsp;&nbsp;&nbsp;&nbsp;&nbsp;&nbsp;&nbsp;&nbsp;&nbsp;&nbsp;&nbsp;&nbsp;&nbsp; &nbsp;&nbsp;&nbsp;&nbsp;&nbsp;&nbsp;&nbsp;&nbsp;&nbsp;&nbsp;&nbsp;&nbsp;&nbsp;&nbsp;&nbsp;&nbsp;&nbsp;&nbsp;&nbsp;&nbsp;&nbsp;&nbsp;&nbsp;&nbsp;&nbsp;&nbsp;&nbsp;&nbsp;&nbsp;&nbsp;&nbsp;&nbsp;&nbsp;&nbsp;&nbsp;&nbsp;&nbsp;&nbsp;&nbsp;&nbsp;&nbsp;&nbsp;&nbsp;&nbsp;&nbsp;&nbsp;&nbsp;&nbsp;&nbsp;&nbsp;&nbsp;&nbsp;&nbsp;&nbsp;&nbsp;&nbsp;&nbsp;&nbsp;&nbsp;&nbsp;&nbsp;&nbsp;&nbsp;&nbsp;&nbsp;&nbsp;&nbsp;&nbsp;&nbsp;&nbsp;&nbsp;&nbsp;&nbsp;&nbsp;&nbsp;&nbsp;&nbsp;&nbsp;&nbsp;&nbsp;&nbsp;&nbsp;&nbsp;&nbsp;&nbsp;&nbsp;&nbsp;&nbsp;&nbsp;&nbsp;&nbsp;&nbsp;&nbsp;&nbsp;&nbsp;&nbsp;&nbsp;&nbsp;&nbsp;&nbsp;&nbsp;&nbsp;&nbsp;&nbsp;&nbsp;&nbsp;&nbsp;&nbsp; <\/p>\n\n\n\n<p>&nbsp; &nbsp;&nbsp;&nbsp;&nbsp;&nbsp;&nbsp;&nbsp;&nbsp;&nbsp;&nbsp;&nbsp;&nbsp;&nbsp;&nbsp;&nbsp;&nbsp;&nbsp;&nbsp;&nbsp;&nbsp;&nbsp;&nbsp;&nbsp;&nbsp;&nbsp;&nbsp;&nbsp;&nbsp;&nbsp;&nbsp;&nbsp;&nbsp;&nbsp;&nbsp;&nbsp;&nbsp;&nbsp;&nbsp;&nbsp;&nbsp;&nbsp;&nbsp;&nbsp;&nbsp;&nbsp;&nbsp;&nbsp;&nbsp;&nbsp;&nbsp;&nbsp;&nbsp;&nbsp;&nbsp;&nbsp;&nbsp;&nbsp;&nbsp;&nbsp;&nbsp;&nbsp;&nbsp;&nbsp;&nbsp;&nbsp;&nbsp;&nbsp;&nbsp; <\/p>\n\n\n\n<p>&nbsp;&nbsp;&nbsp;&nbsp;&nbsp;&nbsp;&nbsp;&nbsp;&nbsp;&nbsp;&nbsp;&nbsp;&nbsp;&nbsp;&nbsp;&nbsp;&nbsp;&nbsp;&nbsp;&nbsp;&nbsp;&nbsp;&nbsp;&nbsp;&nbsp;&nbsp;&nbsp; &nbsp;&nbsp;&nbsp;&nbsp;&nbsp;&nbsp;&nbsp;&nbsp;&nbsp;&nbsp;&nbsp;&nbsp;&nbsp;&nbsp;&nbsp;&nbsp;&nbsp;&nbsp;&nbsp;&nbsp;&nbsp;&nbsp;&nbsp;&nbsp;&nbsp;&nbsp;&nbsp;&nbsp;&nbsp;&nbsp; <\/p>\n\n\n\n<p>&nbsp;&nbsp;&nbsp;&nbsp;&nbsp;&nbsp;&nbsp;&nbsp;&nbsp;&nbsp;&nbsp;&nbsp;&nbsp;&nbsp;&nbsp;&nbsp;&nbsp;&nbsp;&nbsp;&nbsp;&nbsp;&nbsp;&nbsp;&nbsp;&nbsp;&nbsp;&nbsp;&nbsp;&nbsp;&nbsp;&nbsp;&nbsp;&nbsp;&nbsp;&nbsp;&nbsp;&nbsp;&nbsp;&nbsp;&nbsp;&nbsp;&nbsp;&nbsp;&nbsp;&nbsp;&nbsp;&nbsp;&nbsp;&nbsp;&nbsp;&nbsp;&nbsp;&nbsp;&nbsp;&nbsp;&nbsp;&nbsp;&nbsp;&nbsp; &nbsp;&nbsp; <\/p>\n","protected":false},"excerpt":{"rendered":"<p class=\"qua-blog-post-description\">Ein Projekt kann noch so&nbsp;vorausschauend&nbsp;geplant sein, die Realit\u00e4t birgt immer Hindernisse und unvorhersehbare Ereignisse. Wichtig ist es uns, dem Auftraggeber dennoch ein H\u00f6chstma\u00df an Ergebnis-, sowie Termin- und Kostensicherheit zu bieten. Dieser Herausforderung begegnen wir mit fundiertem Fachwissen, viel Erfahrung und Engagement. Wir sind ein interdisziplin\u00e4r besetztes Team und verf\u00fcgen \u00fcber ausgefeilte Planungswerkzeuge, die st\u00e4ndig [&hellip;]<\/p>\n","protected":false},"author":1,"featured_media":0,"parent":0,"menu_order":0,"comment_status":"closed","ping_status":"closed","template":"","meta":{"footnotes":""},"class_list":["post-13","page","type-page","status-publish","hentry"],"_links":{"self":[{"href":"https:\/\/www.architekten-jwr.de\/index.php?rest_route=\/wp\/v2\/pages\/13","targetHints":{"allow":["GET"]}}],"collection":[{"href":"https:\/\/www.architekten-jwr.de\/index.php?rest_route=\/wp\/v2\/pages"}],"about":[{"href":"https:\/\/www.architekten-jwr.de\/index.php?rest_route=\/wp\/v2\/types\/page"}],"author":[{"embeddable":true,"href":"https:\/\/www.architekten-jwr.de\/index.php?rest_route=\/wp\/v2\/users\/1"}],"replies":[{"embeddable":true,"href":"https:\/\/www.architekten-jwr.de\/index.php?rest_route=%2Fwp%2Fv2%2Fcomments&post=13"}],"version-history":[{"count":14,"href":"https:\/\/www.architekten-jwr.de\/index.php?rest_route=\/wp\/v2\/pages\/13\/revisions"}],"predecessor-version":[{"id":919,"href":"https:\/\/www.architekten-jwr.de\/index.php?rest_route=\/wp\/v2\/pages\/13\/revisions\/919"}],"wp:attachment":[{"href":"https:\/\/www.architekten-jwr.de\/index.php?rest_route=%2Fwp%2Fv2%2Fmedia&parent=13"}],"curies":[{"name":"wp","href":"https:\/\/api.w.org\/{rel}","templated":true}]}}